{"id":3754,"date":"2025-05-09T07:25:03","date_gmt":"2025-05-09T07:25:03","guid":{"rendered":"https:\/\/kliima.ut.ee\/climate-and-atmospheric-services\/"},"modified":"2025-09-29T14:12:02","modified_gmt":"2025-09-29T14:12:02","slug":"climate-and-atmospheric-services","status":"publish","type":"page","link":"https:\/\/kliima.ut.ee\/en\/climate-and-atmospheric-services\/","title":{"rendered":"Climate and Atmospheric Services"},"content":{"rendered":"\t\t<div data-elementor-type=\"wp-page\" data-elementor-id=\"3754\" class=\"elementor elementor-3754 elementor-1705\" data-elementor-post-type=\"page\">\n\t\t\t\t<div class=\"elementor-element elementor-element-e70fd38 e-flex e-con-boxed e-con e-parent\" data-id=\"e70fd38\" data-element_type=\"container\" data-e-type=\"container\">\n\t\t\t\t\t<div class=\"e-con-inner\">\n\t\t<div class=\"elementor-element elementor-element-e9dba23 e-con-full e-flex e-con e-child\" data-id=\"e9dba23\" data-element_type=\"container\" data-e-type=\"container\">\n\t\t\t\t<div class=\"elementor-element elementor-element-4cf1808 de_scroll_animation_no elementor-widget elementor-widget-heading\" data-id=\"4cf1808\" data-element_type=\"widget\" data-e-type=\"widget\" data-widget_type=\"heading.default\">\n\t\t\t\t<div class=\"elementor-widget-container\">\n\t\t\t\t\t<h2 class=\"elementor-heading-title elementor-size-default\">Climate and Atmospheric Services<\/h2>\t\t\t\t<\/div>\n\t\t\t\t<\/div>\n\t\t\t\t<div class=\"elementor-element elementor-element-c0e0aac de_scroll_animation_no elementor-widget elementor-widget-text-editor\" data-id=\"c0e0aac\" data-element_type=\"widget\" data-e-type=\"widget\" data-widget_type=\"text-editor.default\">\n\t\t\t\t<div class=\"elementor-widget-container\">\n\t\t\t\t\t\t\t\t\t<p class=\"p1\">We offer climate projects and remote sensing applications, including radar meteorology. Our work covers topics addressed by, for example, ECCO and CAMS NCP. We collaborate with companies that need weather and climate data.  <\/p>\t\t\t\t\t\t\t\t<\/div>\n\t\t\t\t<\/div>\n\t\t\t\t<\/div>\n\t\t<div class=\"elementor-element elementor-element-bdd0886 e-con-full e-flex e-con e-child\" data-id=\"bdd0886\" data-element_type=\"container\" data-e-type=\"container\">\n\t\t\t\t<div class=\"elementor-element elementor-element-6b74f42 de_scroll_animation_no elementor-widget elementor-widget-image\" data-id=\"6b74f42\" data-element_type=\"widget\" data-e-type=\"widget\" data-widget_type=\"image.default\">\n\t\t\t\t<div class=\"elementor-widget-container\">\n\t\t\t\t\t\t\t\t\t\t\t\t\t\t\t\t<a href=\"https:\/\/kliima.ut.ee\/wp-content\/uploads\/2025\/06\/wind-turbines-over-fog-wind-farm-in-poland-renew-BNHJRQW.jpg\" data-elementor-open-lightbox=\"yes\" data-elementor-lightbox-title=\"wind-turbines-over-fog-wind-farm-in-poland-renew-BNHJRQW.Jpg\" data-e-action-hash=\"#elementor-action%3Aaction%3Dlightbox%26settings%3DeyJpZCI6MzU5NiwidXJsIjoiaHR0cHM6XC9cL2tsaWltYS51dC5lZVwvd3AtY29udGVudFwvdXBsb2Fkc1wvMjAyNVwvMDZcL3dpbmQtdHVyYmluZXMtb3Zlci1mb2ctd2luZC1mYXJtLWluLXBvbGFuZC1yZW5ldy1CTkhKUlFXLmpwZyJ9\">\n\t\t\t\t\t\t\t<img fetchpriority=\"high\" decoding=\"async\" width=\"768\" height=\"512\" src=\"https:\/\/kliima.ut.ee\/wp-content\/uploads\/2025\/06\/wind-turbines-over-fog-wind-farm-in-poland-renew-BNHJRQW-768x512.jpg\" class=\"attachment-medium_large size-medium_large wp-image-3596\" alt=\"Wind turbines in morning fog at sunrise, renewable energy production in Estonia.\" srcset=\"https:\/\/kliima.ut.ee\/wp-content\/uploads\/2025\/06\/wind-turbines-over-fog-wind-farm-in-poland-renew-BNHJRQW-768x512.jpg 768w, https:\/\/kliima.ut.ee\/wp-content\/uploads\/2025\/06\/wind-turbines-over-fog-wind-farm-in-poland-renew-BNHJRQW-300x200.jpg 300w, https:\/\/kliima.ut.ee\/wp-content\/uploads\/2025\/06\/wind-turbines-over-fog-wind-farm-in-poland-renew-BNHJRQW-1024x683.jpg 1024w, https:\/\/kliima.ut.ee\/wp-content\/uploads\/2025\/06\/wind-turbines-over-fog-wind-farm-in-poland-renew-BNHJRQW-1536x1024.jpg 1536w, https:\/\/kliima.ut.ee\/wp-content\/uploads\/2025\/06\/wind-turbines-over-fog-wind-farm-in-poland-renew-BNHJRQW-2048x1365.jpg 2048w\" sizes=\"(max-width: 768px) 100vw, 768px\" \/>\t\t\t\t\t\t\t\t<\/a>\n\t\t\t\t\t\t\t\t\t\t\t\t\t\t\t<\/div>\n\t\t\t\t<\/div>\n\t\t\t\t<\/div>\n\t\t\t\t\t<\/div>\n\t\t\t\t<\/div>\n\t\t<div class=\"elementor-element elementor-element-a2d98f7 e-flex e-con-boxed e-con e-parent\" data-id=\"a2d98f7\" data-element_type=\"container\" data-e-type=\"container\" data-settings=\"{&quot;background_background&quot;:&quot;classic&quot;}\">\n\t\t\t\t\t<div class=\"e-con-inner\">\n\t\t<div class=\"elementor-element elementor-element-8e4002a e-con-full e-flex e-con e-child\" data-id=\"8e4002a\" data-element_type=\"container\" data-e-type=\"container\">\n\t\t\t\t<div class=\"elementor-element elementor-element-9840e26 de_scroll_animation_no elementor-widget elementor-widget-heading\" data-id=\"9840e26\" data-element_type=\"widget\" data-e-type=\"widget\" data-widget_type=\"heading.default\">\n\t\t\t\t<div class=\"elementor-widget-container\">\n\t\t\t\t\t<h2 class=\"elementor-heading-title elementor-size-default\">The Challenge of Climate Change<\/h2>\t\t\t\t<\/div>\n\t\t\t\t<\/div>\n\t\t\t\t<div class=\"elementor-element elementor-element-ad627b2 de_scroll_animation_no elementor-widget elementor-widget-text-editor\" data-id=\"ad627b2\" data-element_type=\"widget\" data-e-type=\"widget\" data-widget_type=\"text-editor.default\">\n\t\t\t\t<div class=\"elementor-widget-container\">\n\t\t\t\t\t\t\t\t\t<div><p>Climate change is <strong>one of the most pressing global challenges<\/strong>, driven by rising <strong>greenhouse gas emissions<\/strong> and resulting in long-term shifts in temperature, precipitation, and extreme weather events. Understanding and addressing climate change requires comprehensive monitoring of the atmosphere and the use of advanced climate projections. These approaches provide essential data to assess current climate conditions, predict future trends, and develop strategies for mitigation and adaptation. <\/p><p>Kliimamuutuste hindamiseks, t\u00f5lgendamiseks ja tulevaste suundumuste prognoosimiseks ning <strong>leevendamis- ja kohanemisstrateegiate<\/strong> v\u00e4ljat\u00f6\u00f6tamiseks on vaja detailseid ja usaldusv\u00e4\u00e4rseid andmeid.<\/p><p>At our Centre for Climate Research, we conduct in-depth analyses of climate change impacts and provide critical data on atmospheric conditions, weather patterns, and <strong>long-term climate trends<\/strong> for public institutions and private companies. Specifically for Estonia:<\/p><ul><li>We deliver high-quality information on Estonia\u2019s past, present, and future climate, enabling informed decision-making <a href=\"https:\/\/lifeadaptest.ee\/\" target=\"_blank\" rel=\"noopener noreferrer\">(AdaptEst). <\/a><\/li><li>Our climate projections support adaptation planning across key sectors such as agriculture, forestry, healthcare, and energy, ensuring resilience against future climate challenges <a href=\"https:\/\/klimaservicesenter.no\/kss\/om-oss\/ecco\" target=\"_blank\" rel=\"noopener noreferrer\">(ECCO). <\/a><\/li><li>We improve the national monitoring of air quality and greenhouse gas emissions, enhancing data accessibility for researchers, policymakers, and the public (<a href=\"https:\/\/atmosphere.copernicus.eu\/estonia\" target=\"_blank\" rel=\"noopener noreferrer\">CAMS National Collaboration Programme<\/a>).<\/li><li>We analyze agrometeorological data to develop practical solutions for farmers (<a href=\"https:\/\/metk.agri.ee\/KIPPER\" target=\"_blank\" rel=\"noopener noreferrer\">KIPPER<\/a>).<\/li><\/ul><\/div>\t\t\t\t\t\t\t\t<\/div>\n\t\t\t\t<\/div>\n\t\t\t\t<\/div>\n\t\t<div class=\"elementor-element elementor-element-5e6c38d e-con-full e-flex e-con e-child\" data-id=\"5e6c38d\" data-element_type=\"container\" data-e-type=\"container\">\n\t\t<div class=\"elementor-element elementor-element-6df6673 e-con-full e-flex e-con e-child\" data-id=\"6df6673\" data-element_type=\"container\" data-e-type=\"container\">\n\t\t\t\t<div class=\"elementor-element elementor-element-2825c04 de_scroll_animation_no elementor-widget elementor-widget-image\" data-id=\"2825c04\" data-element_type=\"widget\" data-e-type=\"widget\" data-widget_type=\"image.default\">\n\t\t\t\t<div class=\"elementor-widget-container\">\n\t\t\t\t\t\t\t\t\t\t\t\t\t\t\t\t<a href=\"https:\/\/kliima.ut.ee\/wp-content\/uploads\/2025\/06\/22.png\" data-elementor-open-lightbox=\"yes\" data-elementor-lightbox-title=\"22\" data-e-action-hash=\"#elementor-action%3Aaction%3Dlightbox%26settings%3DeyJpZCI6MzYwNSwidXJsIjoiaHR0cHM6XC9cL2tsaWltYS51dC5lZVwvd3AtY29udGVudFwvdXBsb2Fkc1wvMjAyNVwvMDZcLzIyLnBuZyJ9\">\n\t\t\t\t\t\t\t<img decoding=\"async\" width=\"575\" height=\"836\" src=\"https:\/\/kliima.ut.ee\/wp-content\/uploads\/2025\/06\/22.png\" class=\"attachment-medium_large size-medium_large wp-image-3605\" alt=\"Maps showing average cloud cover (CFC) and its changes in March and June in the Northern European region, including decadal trends.\" srcset=\"https:\/\/kliima.ut.ee\/wp-content\/uploads\/2025\/06\/22.png 575w, https:\/\/kliima.ut.ee\/wp-content\/uploads\/2025\/06\/22-206x300.png 206w\" sizes=\"(max-width: 575px) 100vw, 575px\" \/>\t\t\t\t\t\t\t\t<\/a>\n\t\t\t\t\t\t\t\t\t\t\t\t\t\t\t<\/div>\n\t\t\t\t<\/div>\n\t\t\t\t<div class=\"elementor-element elementor-element-9323b3a de_scroll_animation_no elementor-widget elementor-widget-text-editor\" data-id=\"9323b3a\" data-element_type=\"widget\" data-e-type=\"widget\" data-widget_type=\"text-editor.default\">\n\t\t\t\t<div class=\"elementor-widget-container\">\n\t\t\t\t\t\t\t\t\t<p>Monthly mean cloud fraction (CFC) 1982\u20132015 (a, b), standard deviation of CFC 1982\u20132015 (c, d) and its significant trends from 1982 to 2015 (e, f) for March (a, c, e) and June (b, d, f). Based on CLARA-A2 climate data record. The location of T\u00f5ravere station is marked with a red star. Post, P. and Aun, M.: Changes in satellite-based cloud parameters in the Baltic Sea region during spring and summer (1982\u20132015), Adv. Sci. Res., 17, 219\u2013225, https:\/\/doi.org\/10.5194\/asr-17-219-2020, 2020. <br>     <\/p>\t\t\t\t\t\t\t\t<\/div>\n\t\t\t\t<\/div>\n\t\t\t\t<\/div>\n\t\t\t\t<\/div>\n\t\t\t\t\t<\/div>\n\t\t\t\t<\/div>\n\t\t<div class=\"elementor-element elementor-element-a2b00e0 e-flex e-con-boxed e-con e-parent\" data-id=\"a2b00e0\" data-element_type=\"container\" data-e-type=\"container\">\n\t\t\t\t\t<div class=\"e-con-inner\">\n\t\t<div class=\"elementor-element elementor-element-9d6fda1 e-con-full e-flex e-con e-child\" data-id=\"9d6fda1\" data-element_type=\"container\" data-e-type=\"container\">\n\t\t\t\t<div class=\"elementor-element elementor-element-17b7425 de_scroll_animation_no elementor-widget elementor-widget-image\" data-id=\"17b7425\" data-element_type=\"widget\" data-e-type=\"widget\" data-widget_type=\"image.default\">\n\t\t\t\t<div class=\"elementor-widget-container\">\n\t\t\t\t\t\t\t\t\t\t\t\t\t\t\t\t<a href=\"https:\/\/kliima.ut.ee\/wp-content\/uploads\/2025\/06\/21.png\" data-elementor-open-lightbox=\"yes\" data-elementor-lightbox-title=\"21\" data-e-action-hash=\"#elementor-action%3Aaction%3Dlightbox%26settings%3DeyJpZCI6MzYwNiwidXJsIjoiaHR0cHM6XC9cL2tsaWltYS51dC5lZVwvd3AtY29udGVudFwvdXBsb2Fkc1wvMjAyNVwvMDZcLzIxLnBuZyJ9\">\n\t\t\t\t\t\t\t<img decoding=\"async\" width=\"768\" height=\"535\" src=\"https:\/\/kliima.ut.ee\/wp-content\/uploads\/2025\/06\/21-768x535.png\" class=\"attachment-medium_large size-medium_large wp-image-3606\" alt=\"Radar map of Estonia and its vicinity with heavy rainfall and cyclone movement, precipitation intensity on a color map.\" srcset=\"https:\/\/kliima.ut.ee\/wp-content\/uploads\/2025\/06\/21-768x535.png 768w, https:\/\/kliima.ut.ee\/wp-content\/uploads\/2025\/06\/21-300x209.png 300w, https:\/\/kliima.ut.ee\/wp-content\/uploads\/2025\/06\/21.png 896w\" sizes=\"(max-width: 768px) 100vw, 768px\" \/>\t\t\t\t\t\t\t\t<\/a>\n\t\t\t\t\t\t\t\t\t\t\t\t\t\t\t<\/div>\n\t\t\t\t<\/div>\n\t\t\t\t<div class=\"elementor-element elementor-element-f76ee04 de_scroll_animation_no elementor-widget elementor-widget-text-editor\" data-id=\"f76ee04\" data-element_type=\"widget\" data-e-type=\"widget\" data-widget_type=\"text-editor.default\">\n\t\t\t\t<div class=\"elementor-widget-container\">\n\t\t\t\t\t\t\t\t\t<p>24 h precipitation data measured by S\u00fcrgavere weather radar<\/p>\t\t\t\t\t\t\t\t<\/div>\n\t\t\t\t<\/div>\n\t\t\t\t<\/div>\n\t\t<div class=\"elementor-element elementor-element-f5e360b e-con-full e-flex e-con e-child\" data-id=\"f5e360b\" data-element_type=\"container\" data-e-type=\"container\">\n\t\t<div class=\"elementor-element elementor-element-9a45a33 e-con-full e-flex e-con e-child\" data-id=\"9a45a33\" data-element_type=\"container\" data-e-type=\"container\">\n\t\t\t\t<div class=\"elementor-element elementor-element-31cd4b7 de_scroll_animation_no elementor-widget elementor-widget-image\" data-id=\"31cd4b7\" data-element_type=\"widget\" data-e-type=\"widget\" data-widget_type=\"image.default\">\n\t\t\t\t<div class=\"elementor-widget-container\">\n\t\t\t\t\t\t\t\t\t\t\t\t\t\t\t\t<a href=\"https:\/\/kliima.ut.ee\/wp-content\/uploads\/2025\/06\/20.png\" data-elementor-open-lightbox=\"yes\" data-elementor-lightbox-title=\"20\" data-e-action-hash=\"#elementor-action%3Aaction%3Dlightbox%26settings%3DeyJpZCI6MzYwNywidXJsIjoiaHR0cHM6XC9cL2tsaWltYS51dC5lZVwvd3AtY29udGVudFwvdXBsb2Fkc1wvMjAyNVwvMDZcLzIwLnBuZyJ9\">\n\t\t\t\t\t\t\t<img loading=\"lazy\" decoding=\"async\" width=\"800\" height=\"195\" src=\"https:\/\/kliima.ut.ee\/wp-content\/uploads\/2025\/06\/20.png\" class=\"attachment-large size-large wp-image-3607\" alt=\"Climate diagram showing changes in Estonia&#039;s monthly average temperature from 1850\u20132100, with the warming trend in red tones.\" srcset=\"https:\/\/kliima.ut.ee\/wp-content\/uploads\/2025\/06\/20.png 904w, https:\/\/kliima.ut.ee\/wp-content\/uploads\/2025\/06\/20-300x73.png 300w, https:\/\/kliima.ut.ee\/wp-content\/uploads\/2025\/06\/20-768x187.png 768w\" sizes=\"(max-width: 800px) 100vw, 800px\" \/>\t\t\t\t\t\t\t\t<\/a>\n\t\t\t\t\t\t\t\t\t\t\t\t\t\t\t<\/div>\n\t\t\t\t<\/div>\n\t\t\t\t<\/div>\n\t\t\t\t<div class=\"elementor-element elementor-element-f817138 de_scroll_animation_no elementor-widget elementor-widget-text-editor\" data-id=\"f817138\" data-element_type=\"widget\" data-e-type=\"widget\" data-widget_type=\"text-editor.default\">\n\t\t\t\t<div class=\"elementor-widget-container\">\n\t\t\t\t\t\t\t\t\t<p>Change in mean temperature (\u00b0C) in Estonia under a 3\u00b0C global warming scenario, based on CMIP6 projections. The change is relative to the 1850\u20131900 baseline. Source: Copernicus Interactive Climate Atlas. <br> <br>  <\/p>\t\t\t\t\t\t\t\t<\/div>\n\t\t\t\t<\/div>\n\t\t\t\t<\/div>\n\t\t\t\t\t<\/div>\n\t\t\t\t<\/div>\n\t\t\t\t<\/div>\n\t\t","protected":false},"excerpt":{"rendered":"<p>Climate and Atmospheric Services We offer climate projects and remote sensing applications, including radar meteorology. Our work covers topics addressed by, for example, ECCO and CAMS NCP. We collaborate with companies that need weather and climate data. The Challenge of Climate Change Climate change is one of the most pressing global challenges, driven by rising [&hellip;]<\/p>\n","protected":false},"author":6,"featured_media":0,"parent":0,"menu_order":0,"comment_status":"closed","ping_status":"closed","template":"elementor_header_footer","meta":{"_acf_changed":false,"footnotes":""},"class_list":["post-3754","page","type-page","status-publish","hentry"],"acf":[],"yoast_head":"<!-- This site is optimized with the Yoast SEO plugin v27.5 - https:\/\/yoast.com\/product\/yoast-seo-wordpress\/ -->\n<title>Climate and Atmospheric Services | T\u00dc kliimauuringute keskus<\/title>\n<meta name=\"description\" content=\"Kliimaprojektsioonid, IKS v\u00e4\u00e4rtused, kaugseire ja radarmeteoroloogia, CAMS ning agrometeoroloogia. Andmestikud ja n\u00f5ustamine.\" \/>\n<meta name=\"robots\" content=\"index, follow, max-snippet:-1, max-image-preview:large, max-video-preview:-1\" \/>\n<link rel=\"canonical\" href=\"https:\/\/kliima.ut.ee\/en\/climate-and-atmospheric-services\/\" \/>\n<meta property=\"og:locale\" content=\"en_US\" \/>\n<meta property=\"og:type\" content=\"article\" \/>\n<meta property=\"og:title\" content=\"Climate and Atmospheric Services | T\u00dc kliimauuringute keskus\" \/>\n<meta property=\"og:description\" content=\"Kliimaprojektsioonid, IKS v\u00e4\u00e4rtused, kaugseire ja radarmeteoroloogia, CAMS ning agrometeoroloogia. Andmestikud ja n\u00f5ustamine.\" \/>\n<meta property=\"og:url\" content=\"https:\/\/kliima.ut.ee\/en\/climate-and-atmospheric-services\/\" \/>\n<meta property=\"og:site_name\" content=\"T\u00dc kliimauuringute keskus\" \/>\n<meta property=\"article:modified_time\" content=\"2025-09-29T14:12:02+00:00\" \/>\n<meta property=\"og:image\" content=\"https:\/\/kliima.ut.ee\/wp-content\/uploads\/2025\/06\/wind-turbines-over-fog-wind-farm-in-poland-renew-BNHJRQW.jpg\" \/>\n\t<meta property=\"og:image:width\" content=\"2400\" \/>\n\t<meta property=\"og:image:height\" content=\"1600\" \/>\n\t<meta property=\"og:image:type\" content=\"image\/jpeg\" \/>\n<meta name=\"twitter:card\" content=\"summary_large_image\" \/>\n<meta name=\"twitter:label1\" content=\"Est. reading time\" \/>\n\t<meta name=\"twitter:data1\" content=\"2 minutes\" \/>\n<script type=\"application\/ld+json\" class=\"yoast-schema-graph\">{\"@context\":\"https:\\\/\\\/schema.org\",\"@graph\":[{\"@type\":\"WebPage\",\"@id\":\"https:\\\/\\\/kliima.ut.ee\\\/en\\\/climate-and-atmospheric-services\\\/\",\"url\":\"https:\\\/\\\/kliima.ut.ee\\\/en\\\/climate-and-atmospheric-services\\\/\",\"name\":\"Climate and Atmospheric Services | T\u00dc kliimauuringute keskus\",\"isPartOf\":{\"@id\":\"https:\\\/\\\/kliima.ut.ee\\\/#website\"},\"primaryImageOfPage\":{\"@id\":\"https:\\\/\\\/kliima.ut.ee\\\/en\\\/climate-and-atmospheric-services\\\/#primaryimage\"},\"image\":{\"@id\":\"https:\\\/\\\/kliima.ut.ee\\\/en\\\/climate-and-atmospheric-services\\\/#primaryimage\"},\"thumbnailUrl\":\"https:\\\/\\\/kliima.ut.ee\\\/wp-content\\\/uploads\\\/2025\\\/06\\\/wind-turbines-over-fog-wind-farm-in-poland-renew-BNHJRQW-768x512.jpg\",\"datePublished\":\"2025-05-09T07:25:03+00:00\",\"dateModified\":\"2025-09-29T14:12:02+00:00\",\"description\":\"Kliimaprojektsioonid, IKS v\u00e4\u00e4rtused, kaugseire ja radarmeteoroloogia, CAMS ning agrometeoroloogia. Andmestikud ja n\u00f5ustamine.\",\"breadcrumb\":{\"@id\":\"https:\\\/\\\/kliima.ut.ee\\\/en\\\/climate-and-atmospheric-services\\\/#breadcrumb\"},\"inLanguage\":\"en-US\",\"potentialAction\":[{\"@type\":\"ReadAction\",\"target\":[\"https:\\\/\\\/kliima.ut.ee\\\/en\\\/climate-and-atmospheric-services\\\/\"]}]},{\"@type\":\"ImageObject\",\"inLanguage\":\"en-US\",\"@id\":\"https:\\\/\\\/kliima.ut.ee\\\/en\\\/climate-and-atmospheric-services\\\/#primaryimage\",\"url\":\"https:\\\/\\\/kliima.ut.ee\\\/wp-content\\\/uploads\\\/2025\\\/06\\\/wind-turbines-over-fog-wind-farm-in-poland-renew-BNHJRQW-768x512.jpg\",\"contentUrl\":\"https:\\\/\\\/kliima.ut.ee\\\/wp-content\\\/uploads\\\/2025\\\/06\\\/wind-turbines-over-fog-wind-farm-in-poland-renew-BNHJRQW-768x512.jpg\"},{\"@type\":\"BreadcrumbList\",\"@id\":\"https:\\\/\\\/kliima.ut.ee\\\/en\\\/climate-and-atmospheric-services\\\/#breadcrumb\",\"itemListElement\":[{\"@type\":\"ListItem\",\"position\":1,\"name\":\"Home\",\"item\":\"https:\\\/\\\/kliima.ut.ee\\\/en\\\/\"},{\"@type\":\"ListItem\",\"position\":2,\"name\":\"Climate and Atmospheric Services\"}]},{\"@type\":\"WebSite\",\"@id\":\"https:\\\/\\\/kliima.ut.ee\\\/#website\",\"url\":\"https:\\\/\\\/kliima.ut.ee\\\/\",\"name\":\"T\u00dc kliimauuringute keskus\",\"description\":\"\",\"potentialAction\":[{\"@type\":\"SearchAction\",\"target\":{\"@type\":\"EntryPoint\",\"urlTemplate\":\"https:\\\/\\\/kliima.ut.ee\\\/?s={search_term_string}\"},\"query-input\":{\"@type\":\"PropertyValueSpecification\",\"valueRequired\":true,\"valueName\":\"search_term_string\"}}],\"inLanguage\":\"en-US\"}]}<\/script>\n<!-- \/ Yoast SEO plugin. -->","yoast_head_json":{"title":"Climate and Atmospheric Services | T\u00dc kliimauuringute keskus","description":"Kliimaprojektsioonid, IKS v\u00e4\u00e4rtused, kaugseire ja radarmeteoroloogia, CAMS ning agrometeoroloogia. Andmestikud ja n\u00f5ustamine.","robots":{"index":"index","follow":"follow","max-snippet":"max-snippet:-1","max-image-preview":"max-image-preview:large","max-video-preview":"max-video-preview:-1"},"canonical":"https:\/\/kliima.ut.ee\/en\/climate-and-atmospheric-services\/","og_locale":"en_US","og_type":"article","og_title":"Climate and Atmospheric Services | T\u00dc kliimauuringute keskus","og_description":"Kliimaprojektsioonid, IKS v\u00e4\u00e4rtused, kaugseire ja radarmeteoroloogia, CAMS ning agrometeoroloogia. Andmestikud ja n\u00f5ustamine.","og_url":"https:\/\/kliima.ut.ee\/en\/climate-and-atmospheric-services\/","og_site_name":"T\u00dc kliimauuringute keskus","article_modified_time":"2025-09-29T14:12:02+00:00","og_image":[{"width":2400,"height":1600,"url":"https:\/\/kliima.ut.ee\/wp-content\/uploads\/2025\/06\/wind-turbines-over-fog-wind-farm-in-poland-renew-BNHJRQW.jpg","type":"image\/jpeg"}],"twitter_card":"summary_large_image","twitter_misc":{"Est. reading time":"2 minutes"},"schema":{"@context":"https:\/\/schema.org","@graph":[{"@type":"WebPage","@id":"https:\/\/kliima.ut.ee\/en\/climate-and-atmospheric-services\/","url":"https:\/\/kliima.ut.ee\/en\/climate-and-atmospheric-services\/","name":"Climate and Atmospheric Services | T\u00dc kliimauuringute keskus","isPartOf":{"@id":"https:\/\/kliima.ut.ee\/#website"},"primaryImageOfPage":{"@id":"https:\/\/kliima.ut.ee\/en\/climate-and-atmospheric-services\/#primaryimage"},"image":{"@id":"https:\/\/kliima.ut.ee\/en\/climate-and-atmospheric-services\/#primaryimage"},"thumbnailUrl":"https:\/\/kliima.ut.ee\/wp-content\/uploads\/2025\/06\/wind-turbines-over-fog-wind-farm-in-poland-renew-BNHJRQW-768x512.jpg","datePublished":"2025-05-09T07:25:03+00:00","dateModified":"2025-09-29T14:12:02+00:00","description":"Kliimaprojektsioonid, IKS v\u00e4\u00e4rtused, kaugseire ja radarmeteoroloogia, CAMS ning agrometeoroloogia. Andmestikud ja n\u00f5ustamine.","breadcrumb":{"@id":"https:\/\/kliima.ut.ee\/en\/climate-and-atmospheric-services\/#breadcrumb"},"inLanguage":"en-US","potentialAction":[{"@type":"ReadAction","target":["https:\/\/kliima.ut.ee\/en\/climate-and-atmospheric-services\/"]}]},{"@type":"ImageObject","inLanguage":"en-US","@id":"https:\/\/kliima.ut.ee\/en\/climate-and-atmospheric-services\/#primaryimage","url":"https:\/\/kliima.ut.ee\/wp-content\/uploads\/2025\/06\/wind-turbines-over-fog-wind-farm-in-poland-renew-BNHJRQW-768x512.jpg","contentUrl":"https:\/\/kliima.ut.ee\/wp-content\/uploads\/2025\/06\/wind-turbines-over-fog-wind-farm-in-poland-renew-BNHJRQW-768x512.jpg"},{"@type":"BreadcrumbList","@id":"https:\/\/kliima.ut.ee\/en\/climate-and-atmospheric-services\/#breadcrumb","itemListElement":[{"@type":"ListItem","position":1,"name":"Home","item":"https:\/\/kliima.ut.ee\/en\/"},{"@type":"ListItem","position":2,"name":"Climate and Atmospheric Services"}]},{"@type":"WebSite","@id":"https:\/\/kliima.ut.ee\/#website","url":"https:\/\/kliima.ut.ee\/","name":"T\u00dc kliimauuringute keskus","description":"","potentialAction":[{"@type":"SearchAction","target":{"@type":"EntryPoint","urlTemplate":"https:\/\/kliima.ut.ee\/?s={search_term_string}"},"query-input":{"@type":"PropertyValueSpecification","valueRequired":true,"valueName":"search_term_string"}}],"inLanguage":"en-US"}]}},"_links":{"self":[{"href":"https:\/\/kliima.ut.ee\/en\/wp-json\/wp\/v2\/pages\/3754","targetHints":{"allow":["GET"]}}],"collection":[{"href":"https:\/\/kliima.ut.ee\/en\/wp-json\/wp\/v2\/pages"}],"about":[{"href":"https:\/\/kliima.ut.ee\/en\/wp-json\/wp\/v2\/types\/page"}],"author":[{"embeddable":true,"href":"https:\/\/kliima.ut.ee\/en\/wp-json\/wp\/v2\/users\/6"}],"replies":[{"embeddable":true,"href":"https:\/\/kliima.ut.ee\/en\/wp-json\/wp\/v2\/comments?post=3754"}],"version-history":[{"count":3,"href":"https:\/\/kliima.ut.ee\/en\/wp-json\/wp\/v2\/pages\/3754\/revisions"}],"predecessor-version":[{"id":3757,"href":"https:\/\/kliima.ut.ee\/en\/wp-json\/wp\/v2\/pages\/3754\/revisions\/3757"}],"wp:attachment":[{"href":"https:\/\/kliima.ut.ee\/en\/wp-json\/wp\/v2\/media?parent=3754"}],"curies":[{"name":"wp","href":"https:\/\/api.w.org\/{rel}","templated":true}]}}