{"id":3598,"date":"2025-05-09T07:26:56","date_gmt":"2025-05-09T07:26:56","guid":{"rendered":"https:\/\/kliima.ut.ee\/news\/"},"modified":"2025-09-26T16:14:44","modified_gmt":"2025-09-26T16:14:44","slug":"news","status":"publish","type":"page","link":"https:\/\/kliima.ut.ee\/en\/news\/","title":{"rendered":"News"},"content":{"rendered":"\t\t<div data-elementor-type=\"wp-page\" data-elementor-id=\"3598\" class=\"elementor elementor-3598 elementor-1719\" data-elementor-post-type=\"page\">\n\t\t\t\t\t\t<section class=\"elementor-section elementor-top-section elementor-element elementor-element-6555ef1 elementor-section-boxed elementor-section-height-default elementor-section-height-default\" data-id=\"6555ef1\" data-element_type=\"section\" data-e-type=\"section\" data-settings=\"{&quot;background_background&quot;:&quot;classic&quot;}\">\n\t\t\t\t\t\t<div class=\"elementor-container elementor-column-gap-default\">\n\t\t\t\t\t<div class=\"elementor-column elementor-col-100 elementor-top-column elementor-element elementor-element-248798d\" data-id=\"248798d\" data-element_type=\"column\" data-e-type=\"column\">\n\t\t\t<div class=\"elementor-widget-wrap elementor-element-populated\">\n\t\t\t\t\t\t<section class=\"elementor-section elementor-inner-section elementor-element elementor-element-df84db3 elementor-section-boxed elementor-section-height-default elementor-section-height-default\" data-id=\"df84db3\" data-element_type=\"section\" data-e-type=\"section\">\n\t\t\t\t\t\t<div class=\"elementor-container elementor-column-gap-default\">\n\t\t\t\t\t<div class=\"elementor-column elementor-col-100 elementor-inner-column elementor-element elementor-element-9306b0d\" data-id=\"9306b0d\" data-element_type=\"column\" data-e-type=\"column\">\n\t\t\t<div class=\"elementor-widget-wrap elementor-element-populated\">\n\t\t\t\t\t\t<div class=\"elementor-element elementor-element-e530fb5 de_scroll_animation_no elementor-widget elementor-widget-heading\" data-id=\"e530fb5\" data-element_type=\"widget\" data-e-type=\"widget\" data-widget_type=\"heading.default\">\n\t\t\t\t<div class=\"elementor-widget-container\">\n\t\t\t\t\t<h2 class=\"elementor-heading-title elementor-size-default\">Latest News<\/h2>\t\t\t\t<\/div>\n\t\t\t\t<\/div>\n\t\t\t\t\t<\/div>\n\t\t<\/div>\n\t\t\t\t\t<\/div>\n\t\t<\/section>\n\t\t\t\t<div class=\"elementor-element elementor-element-4461e9f de_scroll_animation_no elementor-widget elementor-widget-elementskit-blog-posts\" data-id=\"4461e9f\" data-element_type=\"widget\" data-e-type=\"widget\" data-widget_type=\"elementskit-blog-posts.default\">\n\t\t\t\t<div class=\"elementor-widget-container\">\n\t\t\t\t\t<div class=\"ekit-wid-con\" >        <div id=\"post-items--4461e9f\" class=\"row post-items\">\n                    <div class=\"col-md-12\">\n\n                                    <div class=\"elementskit-blog-block-post\">\n                        <div class=\"row no-gutters\">\n                                                            <div class=\"col-md-6 order-1\">\n                                    <a href=\"https:\/\/kliima.ut.ee\/en\/climate-conference-climate-compass-2025\/\" class=\"elementskit-entry-thumb\">\n                                        <img decoding=\"async\" src=\"https:\/\/kliima.ut.ee\/wp-content\/uploads\/2025\/09\/Climate-Compass-2025-1024x536.jpg\" alt=\"Climate Compass 2025: The Art of Adaptation in the Light of Science\">\n                                    <\/a><!-- .elementskit-entry-thumb END -->\n                                <\/div>\n                            \n                            <div class=\"col-md-6 order-2\">\n                                <div class=\"elementskit-post-body \">\n                                    <div class=\"elementskit-entry-header\">\n                                        \n                                                                                                                                        \n                                            \n                                                                                            \t\t\t\t<h2 class=\"entry-title\">\n\t\t\t\t\t<a href=\"https:\/\/kliima.ut.ee\/en\/climate-conference-climate-compass-2025\/\">\n\t\t\t\t\t\tClimate Compass 2025: The Art of Adaptation in the Light of Science\t\t\t\t\t<\/a>\n\t\t\t\t<\/h2>\n\t\t\t                                                                                <\/div><!-- .elementskit-entry-header END -->\n\n                                                                            <div class=\"elementskit-post-footer\">\n                                                                                            <p>Welcome to the scientific conference Climate Compass 2025 The conference \u201cClimate Compass 2025: The Art of Adaptation in the Light of Science\u201d will take place in Tartu on 27\u201328 November 2025, marking 160 years since the beginning of systematic weather observations in Estonia. The event brings together researchers, decision-makers, practitioners,&hellip;<\/p>\n                                                                                                                                <\/div><!-- .elementskit-post-footer END -->\n                                                                    <\/div><!-- .elementskit-post-body END -->\n                            <\/div>\n                        <\/div>\n                    <\/div><!-- .elementskit-blog-block-post .radius .gradient-bg END -->\n                \n            <\/div>\n                    <div class=\"col-md-12\">\n\n                                    <div class=\"elementskit-blog-block-post\">\n                        <div class=\"row no-gutters\">\n                                                            <div class=\"col-md-6 order-1\">\n                                    <a href=\"https:\/\/kliima.ut.ee\/en\/university-of-tartu-meteorological-observatory-metobs-160\/\" class=\"elementskit-entry-thumb\">\n                                        <img decoding=\"async\" src=\"https:\/\/kliima.ut.ee\/wp-content\/uploads\/2025\/09\/metobs-160.png\" alt=\"University of Tartu Meteorological Observatory (METOBS) 160\">\n                                    <\/a><!-- .elementskit-entry-thumb END -->\n                                <\/div>\n                            \n                            <div class=\"col-md-6 order-2\">\n                                <div class=\"elementskit-post-body \">\n                                    <div class=\"elementskit-entry-header\">\n                                        \n                                                                                                                                        \n                                            \n                                                                                            \t\t\t\t<h2 class=\"entry-title\">\n\t\t\t\t\t<a href=\"https:\/\/kliima.ut.ee\/en\/university-of-tartu-meteorological-observatory-metobs-160\/\">\n\t\t\t\t\t\tUniversity of Tartu Meteorological Observatory (METOBS) 160\t\t\t\t\t<\/a>\n\t\t\t\t<\/h2>\n\t\t\t                                                                                <\/div><!-- .elementskit-entry-header END -->\n\n                                                                            <div class=\"elementskit-post-footer\">\n                                                                                            <p>On December 2, 1865, Arthur Joachim von Oettingen, professor of physics at the University of Tartu, began weather observations at his home. This marked the beginning of continuous meteorological measurements in Tartu, which continue to this day. The year 2025 will mark 160 years of organized and uninterrupted weather data&hellip;<\/p>\n                                                                                                                                <\/div><!-- .elementskit-post-footer END -->\n                                                                    <\/div><!-- .elementskit-post-body END -->\n                            <\/div>\n                        <\/div>\n                    <\/div><!-- .elementskit-blog-block-post .radius .gradient-bg END -->\n                \n            <\/div>\n                    <div class=\"col-md-12\">\n\n                                    <div class=\"elementskit-blog-block-post\">\n                        <div class=\"row no-gutters\">\n                                                            <div class=\"col-md-6 order-1\">\n                                    <a href=\"https:\/\/kliima.ut.ee\/en\/16th-gathering-of-weather-enthusiasts-and-lightning-observers-in-saaremaa\/\" class=\"elementskit-entry-thumb\">\n                                        <img decoding=\"async\" src=\"https:\/\/kliima.ut.ee\/wp-content\/uploads\/2025\/08\/IMG_4668-1024x608.jpg\" alt=\"16th Gathering of Weather Enthusiasts and Lightning Observers in Saaremaa\">\n                                    <\/a><!-- .elementskit-entry-thumb END -->\n                                <\/div>\n                            \n                            <div class=\"col-md-6 order-2\">\n                                <div class=\"elementskit-post-body \">\n                                    <div class=\"elementskit-entry-header\">\n                                        \n                                                                                                                                        \n                                            \n                                                                                            \t\t\t\t<h2 class=\"entry-title\">\n\t\t\t\t\t<a href=\"https:\/\/kliima.ut.ee\/en\/16th-gathering-of-weather-enthusiasts-and-lightning-observers-in-saaremaa\/\">\n\t\t\t\t\t\t16th Gathering of Weather Enthusiasts and Lightning Observers in Saaremaa\t\t\t\t\t<\/a>\n\t\t\t\t<\/h2>\n\t\t\t                                                                                <\/div><!-- .elementskit-entry-header END -->\n\n                                                                            <div class=\"elementskit-post-footer\">\n                                                                                            <p>The 16th gathering of weather enthusiasts and lightning observers took place on July 19\u201320, 2025, in P\u00fcha village, Saaremaa. Participants were hosted by Laagrikeskus, which provided excellent conditions for discussions, presentations, and practical activities. An important part of the gathering was also the voting for the weather event of the&hellip;<\/p>\n                                                                                                                                <\/div><!-- .elementskit-post-footer END -->\n                                                                    <\/div><!-- .elementskit-post-body END -->\n                            <\/div>\n                        <\/div>\n                    <\/div><!-- .elementskit-blog-block-post .radius .gradient-bg END -->\n                \n            <\/div>\n                    <div class=\"col-md-12\">\n\n                                    <div class=\"elementskit-blog-block-post\">\n                        <div class=\"row no-gutters\">\n                                                            <div class=\"col-md-6 order-1\">\n                                    <a href=\"https:\/\/kliima.ut.ee\/en\/on-june-12-jorma-rahu-defended-his-doctoral-thesis-titled-a-study-of-the-temporal-development-of-strong-anthropogenic-cloud-disturbances-to-better-understand-the-impact-of-aerosols-on-clouds\/\" class=\"elementskit-entry-thumb\">\n                                        <img decoding=\"async\" src=\"https:\/\/kliima.ut.ee\/wp-content\/uploads\/2025\/03\/Jorma-Rahu-kaitsmine-1024x768.jpg\" alt=\"On June 12, Jorma Rahu defended his doctoral thesis titled &#8220;A Study of the Temporal Development of Strong Anthropogenic Cloud Disturbances to Better Understand the Impact of Aerosols on Clouds&#8221;\">\n                                    <\/a><!-- .elementskit-entry-thumb END -->\n                                <\/div>\n                            \n                            <div class=\"col-md-6 order-2\">\n                                <div class=\"elementskit-post-body \">\n                                    <div class=\"elementskit-entry-header\">\n                                        \n                                                                                                                                        \n                                            \n                                                                                            \t\t\t\t<h2 class=\"entry-title\">\n\t\t\t\t\t<a href=\"https:\/\/kliima.ut.ee\/en\/on-june-12-jorma-rahu-defended-his-doctoral-thesis-titled-a-study-of-the-temporal-development-of-strong-anthropogenic-cloud-disturbances-to-better-understand-the-impact-of-aerosols-on-clouds\/\">\n\t\t\t\t\t\tOn June 12, Jorma Rahu defended his doctoral thesis titled &#8220;A Study of the Temporal Development of Strong Anthropogenic Cloud Disturbances to Better Understand the Impact of Aerosols on Clouds&#8221;\t\t\t\t\t<\/a>\n\t\t\t\t<\/h2>\n\t\t\t                                                                                <\/div><!-- .elementskit-entry-header END -->\n\n                                                                            <div class=\"elementskit-post-footer\">\n                                                                                            <p>The doctoral thesis investigated how anthropogenic pollutant particles affect clouds and thereby Earth&#8217;s climate. Using remote sensing data, it was found that industrial aerosol pollution can alter the lifespan and thickness of polluted clouds and even cause snowfall. The supervisors of the work were Associate Professor Velle Toll and Professor&hellip;<\/p>\n                                                                                                                                <\/div><!-- .elementskit-post-footer END -->\n                                                                    <\/div><!-- .elementskit-post-body END -->\n                            <\/div>\n                        <\/div>\n                    <\/div><!-- .elementskit-blog-block-post .radius .gradient-bg END -->\n                \n            <\/div>\n                <\/div>\n       <\/div>\t\t\t\t<\/div>\n\t\t\t\t<\/div>\n\t\t\t\t\t<\/div>\n\t\t<\/div>\n\t\t\t\t\t<\/div>\n\t\t<\/section>\n\t\t\t\t<\/div>\n\t\t","protected":false},"excerpt":{"rendered":"<p>Latest News Kliimakompass 2025: Kohanemise kunst teaduse valguses Tere tulemast rahvusvahelisele kliimakonverentsile! 27.\u201328. novembrini toimub Tartus konverents \u201eKliimakompass 2025: Kohanemise kunst teaduse valguses \u201c, mis t\u00e4histab 160 aasta m\u00f6\u00f6dumist m\u00f5testatud ilmam\u00f5\u00f5tmiste algusest Eestis. Konverents toob kokku teadlased, otsustajad, praktikud ja huvilised, et arutleda kliimamuutuste p\u00f5hjuste, m\u00f5jude ja nendega kohanemise \u00fcle. Kuulda saab valdkonna uuematest teadustulemustest [&hellip;]<\/p>\n","protected":false},"author":6,"featured_media":0,"parent":0,"menu_order":0,"comment_status":"closed","ping_status":"closed","template":"","meta":{"_acf_changed":false,"footnotes":""},"class_list":["post-3598","page","type-page","status-publish","hentry"],"acf":[],"yoast_head":"<!-- This site is optimized with the Yoast SEO plugin v27.5 - https:\/\/yoast.com\/product\/yoast-seo-wordpress\/ -->\n<title>News | T\u00dc kliimauuringute keskus<\/title>\n<meta name=\"description\" content=\"Latest scientific news, media coverage, and events concerning climate and atmosphere. Read stories and stay updated with our work.\" \/>\n<meta name=\"robots\" content=\"index, follow, max-snippet:-1, max-image-preview:large, max-video-preview:-1\" \/>\n<link rel=\"canonical\" href=\"https:\/\/kliima.ut.ee\/en\/news\/\" \/>\n<meta property=\"og:locale\" content=\"en_US\" \/>\n<meta property=\"og:type\" content=\"article\" \/>\n<meta property=\"og:title\" content=\"News | T\u00dc kliimauuringute keskus\" \/>\n<meta property=\"og:description\" content=\"Latest scientific news, media coverage, and events concerning climate and atmosphere. Read stories and stay updated with our work.\" \/>\n<meta property=\"og:url\" content=\"https:\/\/kliima.ut.ee\/en\/news\/\" \/>\n<meta property=\"og:site_name\" content=\"T\u00dc kliimauuringute keskus\" \/>\n<meta property=\"article:modified_time\" content=\"2025-09-26T16:14:44+00:00\" \/>\n<meta property=\"og:image\" content=\"https:\/\/kliima.ut.ee\/wp-content\/uploads\/2025\/09\/Kliima-1024x536.jpg\" \/>\n<meta name=\"twitter:card\" content=\"summary_large_image\" \/>\n<meta name=\"twitter:label1\" content=\"Est. reading time\" \/>\n\t<meta name=\"twitter:data1\" content=\"1 minute\" \/>\n<script type=\"application\/ld+json\" class=\"yoast-schema-graph\">{\"@context\":\"https:\\\/\\\/schema.org\",\"@graph\":[{\"@type\":\"WebPage\",\"@id\":\"https:\\\/\\\/kliima.ut.ee\\\/en\\\/news\\\/\",\"url\":\"https:\\\/\\\/kliima.ut.ee\\\/en\\\/news\\\/\",\"name\":\"News | T\u00dc kliimauuringute keskus\",\"isPartOf\":{\"@id\":\"https:\\\/\\\/kliima.ut.ee\\\/#website\"},\"primaryImageOfPage\":{\"@id\":\"https:\\\/\\\/kliima.ut.ee\\\/en\\\/news\\\/#primaryimage\"},\"image\":{\"@id\":\"https:\\\/\\\/kliima.ut.ee\\\/en\\\/news\\\/#primaryimage\"},\"thumbnailUrl\":\"https:\\\/\\\/kliima.ut.ee\\\/wp-content\\\/uploads\\\/2025\\\/09\\\/Kliima-1024x536.jpg\",\"datePublished\":\"2025-05-09T07:26:56+00:00\",\"dateModified\":\"2025-09-26T16:14:44+00:00\",\"description\":\"Latest scientific news, media coverage, and events concerning climate and atmosphere. Read stories and stay updated with our work.\",\"breadcrumb\":{\"@id\":\"https:\\\/\\\/kliima.ut.ee\\\/en\\\/news\\\/#breadcrumb\"},\"inLanguage\":\"en-US\",\"potentialAction\":[{\"@type\":\"ReadAction\",\"target\":[\"https:\\\/\\\/kliima.ut.ee\\\/en\\\/news\\\/\"]}]},{\"@type\":\"ImageObject\",\"inLanguage\":\"en-US\",\"@id\":\"https:\\\/\\\/kliima.ut.ee\\\/en\\\/news\\\/#primaryimage\",\"url\":\"https:\\\/\\\/kliima.ut.ee\\\/wp-content\\\/uploads\\\/2025\\\/09\\\/Kliima-1024x536.jpg\",\"contentUrl\":\"https:\\\/\\\/kliima.ut.ee\\\/wp-content\\\/uploads\\\/2025\\\/09\\\/Kliima-1024x536.jpg\"},{\"@type\":\"BreadcrumbList\",\"@id\":\"https:\\\/\\\/kliima.ut.ee\\\/en\\\/news\\\/#breadcrumb\",\"itemListElement\":[{\"@type\":\"ListItem\",\"position\":1,\"name\":\"Home\",\"item\":\"https:\\\/\\\/kliima.ut.ee\\\/en\\\/\"},{\"@type\":\"ListItem\",\"position\":2,\"name\":\"News\"}]},{\"@type\":\"WebSite\",\"@id\":\"https:\\\/\\\/kliima.ut.ee\\\/#website\",\"url\":\"https:\\\/\\\/kliima.ut.ee\\\/\",\"name\":\"T\u00dc kliimauuringute keskus\",\"description\":\"\",\"potentialAction\":[{\"@type\":\"SearchAction\",\"target\":{\"@type\":\"EntryPoint\",\"urlTemplate\":\"https:\\\/\\\/kliima.ut.ee\\\/?s={search_term_string}\"},\"query-input\":{\"@type\":\"PropertyValueSpecification\",\"valueRequired\":true,\"valueName\":\"search_term_string\"}}],\"inLanguage\":\"en-US\"}]}<\/script>\n<!-- \/ Yoast SEO plugin. -->","yoast_head_json":{"title":"News | T\u00dc kliimauuringute keskus","description":"Latest scientific news, media coverage, and events concerning climate and atmosphere. Read stories and stay updated with our work.","robots":{"index":"index","follow":"follow","max-snippet":"max-snippet:-1","max-image-preview":"max-image-preview:large","max-video-preview":"max-video-preview:-1"},"canonical":"https:\/\/kliima.ut.ee\/en\/news\/","og_locale":"en_US","og_type":"article","og_title":"News | T\u00dc kliimauuringute keskus","og_description":"Latest scientific news, media coverage, and events concerning climate and atmosphere. Read stories and stay updated with our work.","og_url":"https:\/\/kliima.ut.ee\/en\/news\/","og_site_name":"T\u00dc kliimauuringute keskus","article_modified_time":"2025-09-26T16:14:44+00:00","og_image":[{"url":"https:\/\/kliima.ut.ee\/wp-content\/uploads\/2025\/09\/Kliima-1024x536.jpg","type":"","width":"","height":""}],"twitter_card":"summary_large_image","twitter_misc":{"Est. reading time":"1 minute"},"schema":{"@context":"https:\/\/schema.org","@graph":[{"@type":"WebPage","@id":"https:\/\/kliima.ut.ee\/en\/news\/","url":"https:\/\/kliima.ut.ee\/en\/news\/","name":"News | T\u00dc kliimauuringute keskus","isPartOf":{"@id":"https:\/\/kliima.ut.ee\/#website"},"primaryImageOfPage":{"@id":"https:\/\/kliima.ut.ee\/en\/news\/#primaryimage"},"image":{"@id":"https:\/\/kliima.ut.ee\/en\/news\/#primaryimage"},"thumbnailUrl":"https:\/\/kliima.ut.ee\/wp-content\/uploads\/2025\/09\/Kliima-1024x536.jpg","datePublished":"2025-05-09T07:26:56+00:00","dateModified":"2025-09-26T16:14:44+00:00","description":"Latest scientific news, media coverage, and events concerning climate and atmosphere. Read stories and stay updated with our work.","breadcrumb":{"@id":"https:\/\/kliima.ut.ee\/en\/news\/#breadcrumb"},"inLanguage":"en-US","potentialAction":[{"@type":"ReadAction","target":["https:\/\/kliima.ut.ee\/en\/news\/"]}]},{"@type":"ImageObject","inLanguage":"en-US","@id":"https:\/\/kliima.ut.ee\/en\/news\/#primaryimage","url":"https:\/\/kliima.ut.ee\/wp-content\/uploads\/2025\/09\/Kliima-1024x536.jpg","contentUrl":"https:\/\/kliima.ut.ee\/wp-content\/uploads\/2025\/09\/Kliima-1024x536.jpg"},{"@type":"BreadcrumbList","@id":"https:\/\/kliima.ut.ee\/en\/news\/#breadcrumb","itemListElement":[{"@type":"ListItem","position":1,"name":"Home","item":"https:\/\/kliima.ut.ee\/en\/"},{"@type":"ListItem","position":2,"name":"News"}]},{"@type":"WebSite","@id":"https:\/\/kliima.ut.ee\/#website","url":"https:\/\/kliima.ut.ee\/","name":"T\u00dc kliimauuringute keskus","description":"","potentialAction":[{"@type":"SearchAction","target":{"@type":"EntryPoint","urlTemplate":"https:\/\/kliima.ut.ee\/?s={search_term_string}"},"query-input":{"@type":"PropertyValueSpecification","valueRequired":true,"valueName":"search_term_string"}}],"inLanguage":"en-US"}]}},"_links":{"self":[{"href":"https:\/\/kliima.ut.ee\/en\/wp-json\/wp\/v2\/pages\/3598","targetHints":{"allow":["GET"]}}],"collection":[{"href":"https:\/\/kliima.ut.ee\/en\/wp-json\/wp\/v2\/pages"}],"about":[{"href":"https:\/\/kliima.ut.ee\/en\/wp-json\/wp\/v2\/types\/page"}],"author":[{"embeddable":true,"href":"https:\/\/kliima.ut.ee\/en\/wp-json\/wp\/v2\/users\/6"}],"replies":[{"embeddable":true,"href":"https:\/\/kliima.ut.ee\/en\/wp-json\/wp\/v2\/comments?post=3598"}],"version-history":[{"count":1,"href":"https:\/\/kliima.ut.ee\/en\/wp-json\/wp\/v2\/pages\/3598\/revisions"}],"predecessor-version":[{"id":3612,"href":"https:\/\/kliima.ut.ee\/en\/wp-json\/wp\/v2\/pages\/3598\/revisions\/3612"}],"wp:attachment":[{"href":"https:\/\/kliima.ut.ee\/en\/wp-json\/wp\/v2\/media?parent=3598"}],"curies":[{"name":"wp","href":"https:\/\/api.w.org\/{rel}","templated":true}]}}